{"id":41,"date":"2022-05-02T11:31:07","date_gmt":"2022-05-02T11:31:07","guid":{"rendered":"http:\/\/asessca.com\/?page_id=41"},"modified":"2022-05-04T17:17:54","modified_gmt":"2022-05-04T17:17:54","slug":"senbilidad-quimica-multiple-sqm","status":"publish","type":"page","link":"https:\/\/asessca.com\/index.php\/senbilidad-quimica-multiple-sqm\/","title":{"rendered":"Senbilidad Qu\u00edmica M\u00faltiple  (SQM)"},"content":{"rendered":"\n<h2><\/h2>\n\n\n\n<hr class=\"wp-block-separator\"\/>\n\n\n\n<p>La SQM, forma parte del grupo denominado \u201cenfermedades emergentes\u201d, que limita extremadamente, las condiciones de vida de quien la sufre, a nivel tal que les incapacita no solo el hecho de moverse libremente tanto dentro como fuera de su domicilio si no tambi\u00e9n les complica la vida de relaci\u00f3n social, al nivel de verse obligados a permanecer en sus domicilios en condiciones de aislamiento total.<\/p>\n\n\n\n<p>Es una enfermedad org\u00e1nica adquirida cr\u00f3nica que afecta al sistema nervioso central y se manifiesta con s\u00edntomas multiorg\u00e1nicos, su origen es por causas medioambientales, por lo que tambi\u00e9n se le considera una enfermedad ecol\u00f3gica, provoca trastornos multifactoriales y con sintomatolog\u00eda recurrente cuando se exponen m\u00ednimamente a compuestos qu\u00edmicos, los cuales cuesta relacionar al ser elementos socialmente habituales y de uso diario, como pueden ser desodorantes, perfumes, ambientadores, suavizantes, detergentes, cremas corporales y un largo etc.<\/p>\n\n\n\n<p>La poblaci\u00f3n afectada es prioritariamente femenina, sin encontrar muchas justificaciones, en una relaci\u00f3n de 3\/4 de la poblaci\u00f3n afectada. <\/p>\n\n\n\n<p>Puede desarrollarse en distintos grados desde leves a severos. Los grados leves pueden ser  contenidos  mediante vida saludable, tratando comorbilidades y control ambiental. Los grados severos (incapacitantes) precisan investigaci\u00f3n, conocimiento m\u00e9dico y medidas  m\u00e1s estrictas. <\/p>\n\n\n\n<p>La OMS, al igual que la mayor\u00eda de los pa\u00edses, no se la reconocen a\u00fan como enfermedad, a pesar de que est\u00e1n en fase de reconocimiento debido a la evidencia y la presi\u00f3n de las personas afectadas. No obstante el consejo de la Comunidad Europea, en sesi\u00f3n celebrada el 5 de junio de 2009, elabor\u00f3 una serie de recomendaciones relativas a emprender una acci\u00f3n en el ambiente.<\/p>\n\n\n\n<p>Desde su primera descripci\u00f3n en 1956 por Randolp y la subsiguiente definici\u00f3n como MCS por Cullen en 1987 un diagn\u00f3stico de MCS sigue siendo un desaf\u00edo para los m\u00e9dicos y a\u00fan m\u00e1s para los cient\u00edficos que enfrentan dificultades con los criterios de inclusi\u00f3n en sus estudios.&nbsp;En 1999, el Consenso Internacional sobre MCS  y luego Lacour en 2005  resumi\u00f3 un conjunto preciso de seis criterios diagn\u00f3sticos.&nbsp;En septiembre de 2014 el Ministerio de Sanidad  incorpora una la Clasificaci\u00f3n Internacional de<br>Enfermedades (CIE), cos siguientes c\u00f3digos:<br>\u2022 CIE-9-MC.9\u00aa: 995.3<br>\u2022 CIE-10-ES: T78.40<\/p>\n\n\n\n<p>Su sintomatolog\u00eda no debe confundirse como los resultantes de otros procesos, tambi\u00e9n sensibilizadores como pueden ser:<\/p>\n\n\n\n<ul><li>Las Alergias<\/li><li>Procesos inflamatorios justificables<\/li><li>Autoinmunidad<\/li><li>Somatizaciones<\/li><\/ul>\n\n\n\n<p>La visi\u00f3n actual de los especialistas, es que la SQM muestra un desorden adquirido, el cual afecta a diversos \u00f3rganos y sistemas, resumi\u00e9ndose en cuatro puntos:<\/p>\n\n\n\n<ul><li>El s\u00edndrome es adquirido tras una exposici\u00f3n ambiental documentada que demuestren de un modo objetivo la afectaci\u00f3n en la salud del que la manifiesta<\/li><li>Los s\u00edntomas manifestados afectan a m\u00faltiples \u00f3rganos o sistemas, variando su magnitud en funci\u00f3n a los est\u00edmulos medioambientales que se vean inmersos.<\/li><li>Los s\u00edntomas son relacionados con productos qu\u00edmicos mediante m\u00e9todos cuantificables en dosis inferiores a las mediciones conocidas como toxicas de los mismos.<\/li><li>No presentan evidencias objetivas de da\u00f1os org\u00e1nicos<\/li><\/ul>\n\n\n\n<p><strong>Los criterios diagn\u00f3sticos aceptados mayoritariamente son:<\/strong><\/p>\n\n\n\n<ul><li>Las manifestacion de la enfermedad es cr\u00f3nica.<\/li><li>Los s\u00edntomas se reproducen al repetir la exposici\u00f3n al agente.<\/li><li>Los s\u00edntomas se presentan ante exposiciones a muy baja concentraci\u00f3n, por debajo de los valores comercialmente admitidos como seguros.<\/li><li>Los s\u00edntomas mejoran o desaparecen cuando se eliminan las sustancias qu\u00edmicas desencadenantes.<\/li><li>Los s\u00edntomas aparecen frente a m\u00faltiples agentes qu\u00edmicos, sin relaci\u00f3n entre ellos.<\/li><li>Est\u00e1n afectados m\u00faltiples \u00f3rganos del cuerpo.<\/li><\/ul>\n\n\n\n<p>El tratamiento es complicado debido al desconocimiento de las bases fisiopatol\u00f3gicas que desencadenan la enfermedad, pudi\u00e9ndose encontrar mejora si se controlan los elementos estimulativos mediante el control ambiental, lo que acaba convirti\u00e9ndose en una vida de aislamiento, se les denomina las personas burbuja.<\/p>\n\n\n\n<blockquote class=\"wp-block-quote\"><p><em>Esta patolog\u00eda, por sus caracter\u00edsticas causa una gran conflictividad en la vida familiar, social y laboral.  Puede  generar un alto \u00edndice potencial de indigencia.<\/em><\/p><\/blockquote>\n\n\n\n<p><strong>Fuente original:<\/strong><a href=\"http:\/\/robertcabre.com\/\">http:\/\/robertcabre.com<\/a><\/p>\n\n\n\n<h3>COMP\u00c1RTELO:<\/h3>\n","protected":false},"excerpt":{"rendered":"<p>La SQM, forma parte del grupo denominado \u201cenfermedades emergentes\u201d, que limita extremadamente, las condiciones de vida de quien la sufre, a nivel tal que les incapacita no solo el hecho de moverse libremente tanto dentro como fuera de su domicilio si no tambi\u00e9n les complica la vida de relaci\u00f3n social, al nivel de verse obligados a permanecer en sus domicilios en condiciones de aislamiento total. Es una enfermedad org\u00e1nica adquirida cr\u00f3nica que afecta al sistema nervioso central y se manifiesta&#8230;<\/p>\n<p class=\"read-more\"><a class=\"btn btn-default\" href=\"https:\/\/asessca.com\/index.php\/senbilidad-quimica-multiple-sqm\/\"> Leer m\u00e1s<span class=\"screen-reader-text\">  Leer m\u00e1s<\/span><\/a><\/p>\n","protected":false},"author":1,"featured_media":0,"parent":0,"menu_order":0,"comment_status":"closed","ping_status":"closed","template":"","meta":[],"_links":{"self":[{"href":"https:\/\/asessca.com\/index.php\/wp-json\/wp\/v2\/pages\/41"}],"collection":[{"href":"https:\/\/asessca.com\/index.php\/wp-json\/wp\/v2\/pages"}],"about":[{"href":"https:\/\/asessca.com\/index.php\/wp-json\/wp\/v2\/types\/page"}],"author":[{"embeddable":true,"href":"https:\/\/asessca.com\/index.php\/wp-json\/wp\/v2\/users\/1"}],"replies":[{"embeddable":true,"href":"https:\/\/asessca.com\/index.php\/wp-json\/wp\/v2\/comments?post=41"}],"version-history":[{"count":7,"href":"https:\/\/asessca.com\/index.php\/wp-json\/wp\/v2\/pages\/41\/revisions"}],"predecessor-version":[{"id":221,"href":"https:\/\/asessca.com\/index.php\/wp-json\/wp\/v2\/pages\/41\/revisions\/221"}],"wp:attachment":[{"href":"https:\/\/asessca.com\/index.php\/wp-json\/wp\/v2\/media?parent=41"}],"curies":[{"name":"wp","href":"https:\/\/api.w.org\/{rel}","templated":true}]}}